{"id":944,"date":"2025-09-19T08:50:22","date_gmt":"2025-09-19T08:50:22","guid":{"rendered":"https:\/\/glynisgermanfunerals.com\/blog\/"},"modified":"2025-11-11T09:52:15","modified_gmt":"2025-11-11T09:52:15","slug":"blog","status":"publish","type":"page","link":"https:\/\/glynisgermanfunerals.com\/es\/blog\/","title":{"rendered":"Blog"},"content":{"rendered":"<p>[et_pb_section fb_built=\u00bb1&#8243; custom_padding_last_edited=\u00bbon|phone\u00bb _builder_version=\u00bb4.27.4&#8243; _module_preset=\u00bbdefault\u00bb background_enable_color=\u00bboff\u00bb use_background_color_gradient=\u00bbon\u00bb background_color_gradient_direction=\u00bb160deg\u00bb background_color_gradient_stops=\u00bb#ffffff 0%|rgba(255,255,255,0) 61%\u00bb background_color_gradient_overlays_image=\u00bbon\u00bb background_image=\u00bbhttps:\/\/glynisgermanfunerals.com\/wp-content\/uploads\/2025\/07\/glynis-german-funerals-mallorca-6.jpg\u00bb background_position=\u00bbtop_center\u00bb background_vertical_offset=\u00bb41%\u00bb custom_padding=\u00bb11vh||22vh||false|false\u00bb custom_padding_tablet=\u00bb11vh||22vh||false|false\u00bb custom_padding_phone=\u00bb24vh||1vh||false|false\u00bb background_last_edited=\u00bbon|phone\u00bb background_position_phone=\u00bbtop_right\u00bb background_horizontal_offset_phone=\u00bb24%\u00bb global_colors_info=\u00bb{}\u00bb][et_pb_row column_structure=\u00bb3_5,2_5&#8243; make_equal=\u00bbon\u00bb _builder_version=\u00bb4.27.4&#8243; _module_preset=\u00bbdefault\u00bb width=\u00bb90%\u00bb global_colors_info=\u00bb{}\u00bb][et_pb_column type=\u00bb3_5&#8243; _builder_version=\u00bb4.24.3&#8243; _module_preset=\u00bbdefault\u00bb custom_css_main_element=\u00bbmargin:auto;\u00bb global_colors_info=\u00bb{}\u00bb][et_pb_text module_class=\u00bbhero\u00bb _builder_version=\u00bb4.27.4&#8243; _module_preset=\u00bbe1231a1f-853b-4aa9-bf40-6992d4ecd0d7&#8243; header_font_size=\u00bb2vw\u00bb width_tablet=\u00bb65%\u00bb width_phone=\u00bb85%\u00bb width_last_edited=\u00bbon|phone\u00bb header_font_size_tablet=\u00bb4vw\u00bb header_font_size_phone=\u00bb7vw\u00bb header_font_size_last_edited=\u00bbon|tablet\u00bb global_colors_info=\u00bb{}\u00bb]<\/p>\n<h1>Art\u00edculos y recursos sobre el duelo, la muerte y el morir<\/h1>\n<p>[\/et_pb_text][et_pb_button button_url=\u00bb@ET-DC@eyJkeW5hbWljIjp0cnVlLCJjb250ZW50IjoicG9zdF9saW5rX3VybF9wYWdlIiwic2V0dGluZ3MiOnsicG9zdF9pZCI6IjU3IiwiZW5hYmxlX2h0bWwiOiJvZmYifX0=@\u00bb button_text=\u00bbContactar conmigo\u00bb _builder_version=\u00bb4.27.4&#8243; _dynamic_attributes=\u00bbbutton_url\u00bb _module_preset=\u00bb3b4ba22f-a751-4319-9321-2f66d685df75&#8243; global_colors_info=\u00bb{}\u00bb][\/et_pb_button][\/et_pb_column][et_pb_column type=\u00bb2_5&#8243; _builder_version=\u00bb4.24.3&#8243; _module_preset=\u00bbdefault\u00bb custom_css_main_element=\u00bbmargin:auto;\u00bb global_colors_info=\u00bb{}\u00bb][\/et_pb_column][\/et_pb_row][\/et_pb_section][et_pb_section fb_built=\u00bb1&#8243; _builder_version=\u00bb4.27.4&#8243; _module_preset=\u00bbdefault\u00bb background_color=\u00bb#592131&#8243; custom_padding=\u00bb0px||0px||true|false\u00bb global_colors_info=\u00bb{%22gcid-2afa5ccb-ee6c-405d-b85f-b4061be51e62%22:%91%22background_color%22%93}\u00bb][et_pb_row column_structure=\u00bb1_3,1_3,1_3&#8243; _builder_version=\u00bb4.27.4&#8243; _module_preset=\u00bbdefault\u00bb global_colors_info=\u00bb{}\u00bb][et_pb_column type=\u00bb1_3&#8243; _builder_version=\u00bb4.16&#8243; _module_preset=\u00bbdefault\u00bb global_colors_info=\u00bb{}\u00bb][et_pb_text _builder_version=\u00bb4.27.4&#8243; _module_preset=\u00bbdefault\u00bb text_font=\u00bb|600||on|||||\u00bb text_orientation=\u00bbcenter\u00bb background_layout=\u00bbdark\u00bb global_colors_info=\u00bb{}\u00bb]Funerales[\/et_pb_text][\/et_pb_column][et_pb_column type=\u00bb1_3&#8243; _builder_version=\u00bb4.16&#8243; _module_preset=\u00bbdefault\u00bb global_colors_info=\u00bb{}\u00bb][et_pb_text _builder_version=\u00bb4.27.4&#8243; _module_preset=\u00bbdefault\u00bb text_font=\u00bb|600||on|||||\u00bb text_orientation=\u00bbcenter\u00bb background_layout=\u00bbdark\u00bb global_colors_info=\u00bb{}\u00bb]Duelo[\/et_pb_text][\/et_pb_column][et_pb_column type=\u00bb1_3&#8243; _builder_version=\u00bb4.16&#8243; _module_preset=\u00bbdefault\u00bb global_colors_info=\u00bb{}\u00bb][et_pb_text _builder_version=\u00bb4.27.4&#8243; _module_preset=\u00bbdefault\u00bb text_font=\u00bb|600||on|||||\u00bb text_orientation=\u00bbcenter\u00bb background_layout=\u00bbdark\u00bb global_colors_info=\u00bb{}\u00bb]Fin de la vida[\/et_pb_text][\/et_pb_column][\/et_pb_row][\/et_pb_section][et_pb_section fb_built=\u00bb1&#8243; _builder_version=\u00bb4.25.1&#8243; _module_preset=\u00bbdefault\u00bb background_color=\u00bb#FFFFFF\u00bb global_colors_info=\u00bb{}\u00bb][et_pb_row make_equal=\u00bbon\u00bb _builder_version=\u00bb4.24.3&#8243; _module_preset=\u00bbdefault\u00bb global_colors_info=\u00bb{}\u00bb][et_pb_column type=\u00bb4_4&#8243; _builder_version=\u00bb4.24.3&#8243; _module_preset=\u00bbdefault\u00bb custom_css_main_element=\u00bbmargin:auto;\u00bb global_colors_info=\u00bb{}\u00bb][dpdfg_filtergrid custom_query=\u00bbadvanced\u00bb use_taxonomy_terms=\u00bbon\u00bb include_children_terms=\u00bboff\u00bb exclude_taxonomies=\u00bbpost_tag\u00bb exclude_terms=\u00bb29&#8243; use_overlay=\u00bboff\u00bb show_author=\u00bboff\u00bb show_terms=\u00bbon\u00bb show_content=\u00bbon\u00bb filter_children_terms=\u00bboff\u00bb filter_terms=\u00bb22,14,23&#8243; items_width=\u00bb25%\u00bb column_gutter=\u00bb4em\u00bb row_gutter=\u00bb4em\u00bb grid_font_size=\u00bb12px\u00bb _builder_version=\u00bb4.27.4&#8243; _module_preset=\u00bbdefault\u00bb dpdfg_entry_summary_font_size=\u00bb17px\u00bb dpdfg_filters_text_color=\u00bb#800000&#8243; dpdfg_pagination_text_color=\u00bb#800000&#8243; border_color_all=\u00bb#F1AD48&#8243; global_colors_info=\u00bb{}\u00bb][\/dpdfg_filtergrid][\/et_pb_column][\/et_pb_row][\/et_pb_section][et_pb_section fb_built=\u00bb1&#8243; _builder_version=\u00bb4.27.4&#8243; _module_preset=\u00bbdefault\u00bb background_color=\u00bb#FCFCFC\u00bb global_colors_info=\u00bb{}\u00bb][et_pb_row make_equal=\u00bbon\u00bb _builder_version=\u00bb4.24.3&#8243; _module_preset=\u00bbdefault\u00bb global_colors_info=\u00bb{}\u00bb][et_pb_column type=\u00bb4_4&#8243; _builder_version=\u00bb4.24.3&#8243; _module_preset=\u00bbdefault\u00bb custom_css_main_element=\u00bbmargin:auto;\u00bb global_colors_info=\u00bb{}\u00bb][et_pb_text _builder_version=\u00bb4.27.4&#8243; _module_preset=\u00bbdefault\u00bb global_colors_info=\u00bb{}\u00bb]<\/p>\n<h2>Recursos sobre la muerte, el morir y el duelo<\/h2>\n<p>[\/et_pb_text][dpdfg_filtergrid custom_query=\u00bbadvanced\u00bb multiple_cpt=\u00bbproject,post\u00bb use_taxonomy_terms=\u00bbon\u00bb multiple_taxonomies=\u00bbpost_tag\u00bb include_terms=\u00bb29&#8243; thumbnail_size=\u00bb768&#215;0&#8243; use_overlay=\u00bboff\u00bb show_author=\u00bboff\u00bb show_terms=\u00bbon\u00bb show_content=\u00bbon\u00bb custom_url=\u00bbon\u00bb custom_url_field_name=\u00bbresource_url\u00bb custom_url_target=\u00bbon\u00bb filter_terms=\u00bb31,23,14,30&#8243; items_layout=\u00bbdp-dfg-layout-masonry\u00bb column_gutter=\u00bb4em\u00bb row_gutter=\u00bb4em\u00bb grid_font_size=\u00bb12px\u00bb _builder_version=\u00bb4.27.4&#8243; _module_preset=\u00bbdefault\u00bb dpdfg_entry_summary_font_size=\u00bb17px\u00bb dpdfg_filters_text_color=\u00bb#800000&#8243; dpdfg_pagination_text_color=\u00bb#800000&#8243; border_color_all=\u00bb#F1AD48&#8243; global_colors_info=\u00bb{}\u00bb][\/dpdfg_filtergrid][\/et_pb_column][\/et_pb_row][\/et_pb_section][et_pb_section fb_built=\u00bb1&#8243; _builder_version=\u00bb4.27.4&#8243; _module_preset=\u00bbdefault\u00bb background_color=\u00bbgcid-01bd1eaa-8192-4261-87d0-6f09e6404786&#8243; global_module=\u00bb601&#8243; saved_tabs=\u00bball\u00bb locked=\u00bboff\u00bb global_colors_info=\u00bb{%22gcid-01bd1eaa-8192-4261-87d0-6f09e6404786%22:%91%22background_color%22%93}\u00bb][et_pb_row column_structure=\u00bb2_3,1_3&#8243; _builder_version=\u00bb4.24.3&#8243; _module_preset=\u00bbdefault\u00bb global_colors_info=\u00bb{}\u00bb][et_pb_column type=\u00bb2_3&#8243; _builder_version=\u00bb4.16&#8243; _module_preset=\u00bbdefault\u00bb global_colors_info=\u00bb{}\u00bb][et_pb_text _builder_version=\u00bb4.27.4&#8243; _module_preset=\u00bbdefault\u00bb global_colors_info=\u00bb{}\u00bb]<\/p>\n<h2>Servicios funerarios, de atenci\u00f3n al final de la vida y de duelo en Mallorca<\/h2>\n<p>[\/et_pb_text][\/et_pb_column][et_pb_column type=\u00bb1_3&#8243; _builder_version=\u00bb4.16&#8243; _module_preset=\u00bbdefault\u00bb global_colors_info=\u00bb{}\u00bb][\/et_pb_column][\/et_pb_row][et_pb_row column_structure=\u00bb1_5,1_5,1_5,1_5,1_5&#8243; use_custom_gutter=\u00bbon\u00bb gutter_width=\u00bb2&#8243; make_equal=\u00bbon\u00bb module_class=\u00bbv-align-middle\u00bb _builder_version=\u00bb4.27.4&#8243; _module_preset=\u00bbdefault\u00bb custom_padding=\u00bb0px||0px||true|false\u00bb scroll_fade=\u00bb0|10|90|100|30%|100|30%\u00bb motion_trigger_start=\u00bbtop\u00bb global_colors_info=\u00bb{}\u00bb filter_sepia__hover_enabled=\u00bboff|desktop\u00bb filter_opacity__hover_enabled=\u00bboff|desktop\u00bb filter_opacity__hover=\u00bb100%\u00bb][et_pb_column type=\u00bb1_5&#8243; _builder_version=\u00bb4.27.4&#8243; _dynamic_attributes=\u00bblink_option_url\u00bb _module_preset=\u00bbdefault\u00bb link_option_url=\u00bb@ET-DC@eyJkeW5hbWljIjp0cnVlLCJjb250ZW50IjoicG9zdF9saW5rX3VybF9wYWdlIiwic2V0dGluZ3MiOnsicG9zdF9pZCI6IjQ2OCIsImVuYWJsZV9odG1sIjoib2ZmIn19@\u00bb global_colors_info=\u00bb{}\u00bb][et_pb_image src=\u00bbhttps:\/\/glynisgermanfunerals.com\/wp-content\/uploads\/2025\/07\/funeral-celebrant-mallorca-1.png\u00bb title_text=\u00bbfunerales-celebrant-mallorca-1&#8243; _builder_version=\u00bb4.27.4&#8243; _module_preset=\u00bbdefault\u00bb scroll_fade=\u00bb0|50|50|100|0|100|0%\u00bb global_colors_info=\u00bb{}\u00bb][\/et_pb_image][et_pb_text _builder_version=\u00bb4.27.4&#8243; _module_preset=\u00bbdefault\u00bb header_3_text_color=\u00bb#800000&#8243; text_orientation=\u00bbcenter\u00bb global_colors_info=\u00bb{}\u00bb]<\/p>\n<h3><span>Ceremonias f\u00fanebres<\/span><\/h3>\n<p>[\/et_pb_text][\/et_pb_column][et_pb_column type=\u00bb1_5&#8243; _builder_version=\u00bb4.27.4&#8243; _dynamic_attributes=\u00bblink_option_url\u00bb _module_preset=\u00bbdefault\u00bb link_option_url=\u00bb@ET-DC@eyJkeW5hbWljIjp0cnVlLCJjb250ZW50IjoicG9zdF9saW5rX3VybF9wYWdlIiwic2V0dGluZ3MiOnsicG9zdF9pZCI6IjQ3OSIsImVuYWJsZV9odG1sIjoib2ZmIn19@\u00bb global_colors_info=\u00bb{}\u00bb][et_pb_image src=\u00bbhttps:\/\/glynisgermanfunerals.com\/wp-content\/uploads\/2025\/07\/End-of-life-support-Mallorca-2.png\u00bb title_text=\u00bbPreguntas frecuentes sobre la doula al final de la vida-Mallorca-2&#8243; _builder_version=\u00bb4.27.4&#8243; _module_preset=\u00bbdefault\u00bb global_colors_info=\u00bb{}\u00bb][\/et_pb_image][et_pb_text _builder_version=\u00bb4.27.4&#8243; _module_preset=\u00bbdefault\u00bb header_3_text_color=\u00bb#800000&#8243; text_orientation=\u00bbcenter\u00bb global_colors_info=\u00bb{}\u00bb]<\/p>\n<h3>Doula al final de la vida<\/h3>\n<p>[\/et_pb_text][\/et_pb_column][et_pb_column type=\u00bb1_5&#8243; _builder_version=\u00bb4.27.4&#8243; _dynamic_attributes=\u00bblink_option_url\u00bb _module_preset=\u00bbdefault\u00bb link_option_url=\u00bb@ET-DC@eyJkeW5hbWljIjp0cnVlLCJjb250ZW50IjoicG9zdF9saW5rX3VybF9wYWdlIiwic2V0dGluZ3MiOnsicG9zdF9pZCI6IjQ3NSIsImVuYWJsZV9odG1sIjoib2ZmIn19@\u00bb global_colors_info=\u00bb{}\u00bb][et_pb_image src=\u00bbhttps:\/\/glynisgermanfunerals.com\/wp-content\/uploads\/2025\/07\/funeral-planning-mallorca-1.png\u00bb title_text=\u00bbfuneral-planning-mallorca-1&#8243; _builder_version=\u00bb4.27.4&#8243; _module_preset=\u00bbdefault\u00bb global_colors_info=\u00bb{}\u00bb][\/et_pb_image][et_pb_text _builder_version=\u00bb4.27.4&#8243; _module_preset=\u00bbdefault\u00bb header_3_text_color=\u00bb#800000&#8243; text_orientation=\u00bbcenter\u00bb global_colors_info=\u00bb{}\u00bb]<\/p>\n<h3>Organizadora de funerales<\/h3>\n<p>[\/et_pb_text][\/et_pb_column][et_pb_column type=\u00bb1_5&#8243; _builder_version=\u00bb4.27.4&#8243; _dynamic_attributes=\u00bblink_option_url\u00bb _module_preset=\u00bbdefault\u00bb link_option_url=\u00bb@ET-DC@eyJkeW5hbWljIjp0cnVlLCJjb250ZW50IjoicG9zdF9saW5rX3VybF9wYWdlIiwic2V0dGluZ3MiOnsicG9zdF9pZCI6IjQ1MiIsImVuYWJsZV9odG1sIjoib2ZmIn19@\u00bb global_colors_info=\u00bb{}\u00bb][et_pb_image src=\u00bbhttps:\/\/glynisgermanfunerals.com\/wp-content\/uploads\/2025\/07\/glynis-german-funerals-mallorca-1.png\u00bb title_text=\u00bbglynis-german-funerales-mallorca-1&#8243; _builder_version=\u00bb4.27.4&#8243; _module_preset=\u00bbdefault\u00bb global_colors_info=\u00bb{}\u00bb][\/et_pb_image][et_pb_text _builder_version=\u00bb4.27.4&#8243; _module_preset=\u00bbdefault\u00bb header_3_text_color=\u00bb#800000&#8243; text_orientation=\u00bbcenter\u00bb global_colors_info=\u00bb{}\u00bb]<\/p>\n<h3>Retiros de duelo<\/h3>\n<p>[\/et_pb_text][\/et_pb_column][et_pb_column type=\u00bb1_5&#8243; _builder_version=\u00bb4.27.4&#8243; _dynamic_attributes=\u00bblink_option_url\u00bb _module_preset=\u00bbdefault\u00bb link_option_url=\u00bb@ET-DC@eyJkeW5hbWljIjp0cnVlLCJjb250ZW50IjoicG9zdF9saW5rX3VybF9wYWdlIiwic2V0dGluZ3MiOnsicG9zdF9pZCI6IjUzOCIsImVuYWJsZV9odG1sIjoib2ZmIn19@\u00bb global_colors_info=\u00bb{}\u00bb][et_pb_image src=\u00bbhttps:\/\/glynisgermanfunerals.com\/wp-content\/uploads\/2025\/07\/GGF-Icons-01.png\u00bb title_text=\u00bbGGF Icons-01&#8243; _builder_version=\u00bb4.27.4&#8243; _module_preset=\u00bbdefault\u00bb global_colors_info=\u00bb{}\u00bb][\/et_pb_image][et_pb_text _builder_version=\u00bb4.27.4&#8243; _module_preset=\u00bbdefault\u00bb header_3_text_color=\u00bb#800000&#8243; text_orientation=\u00bbcenter\u00bb global_colors_info=\u00bb{}\u00bb]<\/p>\n<h3><span>Death cafe<\/span><\/h3>\n<p>[\/et_pb_text][\/et_pb_column][\/et_pb_row][et_pb_row _builder_version=\u00bb4.27.4&#8243; _module_preset=\u00bbdefault\u00bb positioning=\u00bbabsolute\u00bb position_origin_a=\u00bbtop_center\u00bb vertical_offset=\u00bb-20px\u00bb custom_padding=\u00bb0px||0px||false|false\u00bb global_colors_info=\u00bb{}\u00bb][et_pb_column type=\u00bb4_4&#8243; _builder_version=\u00bb4.27.4&#8243; _module_preset=\u00bbdefault\u00bb global_colors_info=\u00bb{}\u00bb][et_pb_image src=\u00bbhttps:\/\/glynisgermanfunerals.com\/wp-content\/uploads\/2025\/07\/glnyis-german-funerals-logo-1.png\u00bb title_text=\u00bbglnyis-german-funerals-logo\u00bb align=\u00bbcenter\u00bb _builder_version=\u00bb4.27.4&#8243; _module_preset=\u00bbdefault\u00bb width=\u00bb50px\u00bb global_colors_info=\u00bb{}\u00bb][\/et_pb_image][\/et_pb_column][\/et_pb_row][\/et_pb_section][et_pb_section fb_built=\u00bb1&#8243; _builder_version=\u00bb4.27.4&#8243; _module_preset=\u00bbdefault\u00bb global_module=\u00bb602&#8243; saved_tabs=\u00bball\u00bb global_colors_info=\u00bb{}\u00bb][et_pb_row _builder_version=\u00bb4.27.4&#8243; _module_preset=\u00bbdefault\u00bb positioning=\u00bbabsolute\u00bb position_origin_a=\u00bbtop_center\u00bb vertical_offset=\u00bb-20px\u00bb custom_padding=\u00bb0px||0px||false|false\u00bb global_colors_info=\u00bb{}\u00bb][et_pb_column type=\u00bb4_4&#8243; _builder_version=\u00bb4.27.4&#8243; _module_preset=\u00bbdefault\u00bb global_colors_info=\u00bb{}\u00bb][et_pb_image src=\u00bbhttps:\/\/glynisgermanfunerals.com\/wp-content\/uploads\/2025\/07\/glnyis-german-funerals-logo-1.png\u00bb title_text=\u00bbglnyis-german-funerals-logo\u00bb align=\u00bbcenter\u00bb _builder_version=\u00bb4.27.4&#8243; _module_preset=\u00bbdefault\u00bb width=\u00bb50px\u00bb global_colors_info=\u00bb{}\u00bb][\/et_pb_image][\/et_pb_column][\/et_pb_row][et_pb_row _builder_version=\u00bb4.24.3&#8243; _module_preset=\u00bbdefault\u00bb global_colors_info=\u00bb{}\u00bb][et_pb_column type=\u00bb4_4&#8243; _builder_version=\u00bb4.16&#8243; _module_preset=\u00bbdefault\u00bb global_colors_info=\u00bb{}\u00bb][et_pb_text _builder_version=\u00bb4.27.4&#8243; _module_preset=\u00bbdefault\u00bb global_colors_info=\u00bb{}\u00bb]<\/p>\n<h2>A tu lado en todo momento<\/h2>\n<p>Ya sea que se est\u00e9 preparando para el final de su vida, organizando un funeral o atravesando el duelo, puede ser dif\u00edcil saber por d\u00f3nde empezar. Mi funci\u00f3n es guiarle con delicadeza en todo el proceso, con compasi\u00f3n, claridad y cari\u00f1o. As\u00ed es como empezamos.  <\/p>\n<p>[\/et_pb_text][\/et_pb_column][\/et_pb_row][et_pb_row column_structure=\u00bb1_3,1_3,1_3&#8243; make_equal=\u00bbon\u00bb _builder_version=\u00bb4.24.3&#8243; _module_preset=\u00bbdefault\u00bb custom_margin=\u00bb|auto|16px|auto||\u00bb custom_css_main_element=\u00bbmargin-bottom: 75px;\u00bb global_colors_info=\u00bb{}\u00bb custom_css_after_last_edited=\u00bbon|desktop\u00bb][et_pb_column type=\u00bb1_3&#8243; _builder_version=\u00bb4.25.0&#8243; _module_preset=\u00bbdefault\u00bb global_colors_info=\u00bb{}\u00bb custom_css_main_element_last_edited=\u00bbon|tablet\u00bb custom_css_main_element_tablet=\u00bbmargin-bottom: 75px;\u00bb custom_css_main_element_phone=\u00bbmargin-bottom: 75px;\u00bb][et_pb_image src=\u00bbhttps:\/\/glynisgermanfunerals.com\/wp-content\/uploads\/2025\/07\/steps-01.png\u00bb alt=\u00bbplaceholder\u00bb title_text=\u00bbpasos-01&#8243; _builder_version=\u00bb4.27.4&#8243; _module_preset=\u00bbdefault\u00bb module_alignment=\u00bbleft\u00bb max_height=\u00bb100px\u00bb global_colors_info=\u00bb{}\u00bb][\/et_pb_image][et_pb_text _builder_version=\u00bb4.27.4&#8243; _module_preset=\u00bbdefault\u00bb text_font=\u00bb||||||||\u00bb header_2_text_align=\u00bbleft\u00bb header_2_font_size=\u00bb4vw\u00bb global_colors_info=\u00bb{}\u00bb]<\/p>\n<h3>P\u00f3nte en contacto<\/h3>\n<p>Ya sea que est\u00e9 enfrentando el final de su vida, planeando un funeral o buscando apoyo para el duelo, comun\u00edquese para tener una charla inicial, sin presi\u00f3n, solo espacio para hablar.<\/p>\n<p>[\/et_pb_text][\/et_pb_column][et_pb_column type=\u00bb1_3&#8243; _builder_version=\u00bb4.25.0&#8243; _module_preset=\u00bbdefault\u00bb global_colors_info=\u00bb{}\u00bb custom_css_main_element_last_edited=\u00bbon|tablet\u00bb custom_css_main_element_tablet=\u00bbmargin-bottom:75px;\u00bb custom_css_main_element_phone=\u00bbmargin-bottom:75px;\u00bb][et_pb_image src=\u00bbhttps:\/\/glynisgermanfunerals.com\/wp-content\/uploads\/2025\/07\/steps-02.png\u00bb alt=\u00bbplaceholder\u00bb title_text=\u00bbpasos-02&#8243; _builder_version=\u00bb4.27.4&#8243; _module_preset=\u00bbdefault\u00bb module_alignment=\u00bbleft\u00bb max_height=\u00bb100px\u00bb global_colors_info=\u00bb{}\u00bb][\/et_pb_image][et_pb_text _builder_version=\u00bb4.27.4&#8243; _module_preset=\u00bbdefault\u00bb text_font=\u00bb||||||||\u00bb header_2_text_align=\u00bbleft\u00bb header_2_font_size=\u00bb4vw\u00bb global_colors_info=\u00bb{}\u00bb]<\/p>\n<h3>Hacemos un plan<\/h3>\n<p>Juntos, creamos un plan tranquilo y meditado que satisfaga sus necesidades, desde una orientaci\u00f3n amable al final de la vida hasta ceremonias significativas y apoyo continuo.<\/p>\n<p>[\/et_pb_text][\/et_pb_column][et_pb_column type=\u00bb1_3&#8243; _builder_version=\u00bb4.25.0&#8243; _module_preset=\u00bbdefault\u00bb global_colors_info=\u00bb{}\u00bb][et_pb_image src=\u00bbhttps:\/\/glynisgermanfunerals.com\/wp-content\/uploads\/2025\/07\/steps-03.png\u00bb alt=\u00bbplaceholder\u00bb title_text=\u00bbpasos-03&#8243; _builder_version=\u00bb4.27.4&#8243; _module_preset=\u00bbdefault\u00bb module_alignment=\u00bbleft\u00bb max_height=\u00bb100px\u00bb global_colors_info=\u00bb{}\u00bb][\/et_pb_image][et_pb_text _builder_version=\u00bb4.27.4&#8243; _module_preset=\u00bbdefault\u00bb text_font=\u00bb||||||||\u00bb header_2_text_align=\u00bbleft\u00bb header_2_font_size=\u00bb4vw\u00bb global_colors_info=\u00bb{}\u00bb]<\/p>\n<h3>Te sientes en paz<\/h3>\n<p>Una vez que todo est\u00e9 resuelto, podr\u00e1 concentrarse en estar presente, con tranquilidad, espacio para el duelo y tiempo para celebrar una vida bien vivida.<\/p>\n<p>[\/et_pb_text][\/et_pb_column][\/et_pb_row][et_pb_row _builder_version=\u00bb4.27.4&#8243; _module_preset=\u00bbdefault\u00bb global_colors_info=\u00bb{}\u00bb][et_pb_column type=\u00bb4_4&#8243; _builder_version=\u00bb4.27.4&#8243; _module_preset=\u00bbdefault\u00bb global_colors_info=\u00bb{}\u00bb][et_pb_button button_text=\u00bbP\u00f3nte en contacto\u00bb button_alignment=\u00bbleft\u00bb _builder_version=\u00bb4.27.4&#8243; _module_preset=\u00bbdefault\u00bb global_colors_info=\u00bb{}\u00bb][\/et_pb_button][\/et_pb_column][\/et_pb_row][\/et_pb_section]<\/p>\n","protected":false},"excerpt":{"rendered":"<p>Art\u00edculos y recursos sobre el duelo, la muerte y el morirFuneralesDueloFin de la vida<div class=\"et_pb_with_border et_pb_module dpdfg_filtergrid dpdfg_filtergrid_0\">\n\t\t\t\t\n\t\t\t\t\n\t\t\t\t\n\t\t\t\t\n\t\t\t\t\n\t\t\t\t\n\t\t\t\t<div class=\"et_pb_module_inner\">\n\t\t\t\t\t<!-- DPDFG Start Main Container --><div class=\"dp-dfg-container dp-dfg-layout-grid dp-dfg-skin-default dp-dfg-skin-top-filters\" data-active-filter=\"all\" data-page=\"1\" data-found-posts=\"8\" data-post-number=\"12\" data-default-filter=\"All\" data-link-filter=\"\" data-cache=\"off\" data-ratio=\"0.71\" data-show-thumb=\"on\" data-action=\"link\" data-new-window=\"off\" data-filters=\"on\" data-date-filters=\"off\" data-multifilter=\"off|OR\" data-multilevel=\"off|AND|off\" data-sorting=\"off\" data-order=\"DESC\" data-orderby=\"date\" data-initorderby=\"date\" data-url-navigation=\"off\" data-url-history=\"on|reload\" data-ajax-filters=\"off\" data-doing-ajax=\"off\" data-module=\"dpdfg_filtergrid_0\" data-search=\"off\" data-search-position=\"above\" data-terms-tags=\"on\" data-pagination=\"on\" data-filter-method=\"default\" data-third-party=\"\" data-lightbox=\"on|||\" data-video-preview=\"off\" data-no-init=\"off\" data-st=\"on\" data-no-results=\"off\"><div class=\"dp-dfg-filters dp-dfg-filters-buttons-layout\" data-layout=\"button\" data-orderby=\"id\" data-hierarchy-levels=\"off\"><ul class=\"dp-dfg-level dp-dfg-taxonomy-level-0 dp-dfg-taxonomy-all\" data-parent=\"0\" data-tax=\"all\" data-order=\"0\"><li class=\"dp-dfg-filter\" data-level=\"0\" data-parent=\"0\"><a class=\"dp-dfg-filter-link active all\" href=\"#\" data-term-id=\"all\" >All<\/a><\/li><li class=\"dp-dfg-filter\" data-level=\"0\" data-parent=\"0\"><a class=\"dp-dfg-filter-link duelo\" href=\"#\" data-term-id=\"40\" >Duelo<\/a><\/li><li class=\"dp-dfg-filter\" data-level=\"0\" data-parent=\"0\"><a class=\"dp-dfg-filter-link ceremonias-funebres\" href=\"#\" data-term-id=\"41\" >Ceremonias f\u00fanebres<\/a><\/li><li class=\"dp-dfg-filter\" data-level=\"0\" data-parent=\"0\"><a class=\"dp-dfg-filter-link death-cafe\" href=\"#\" data-term-id=\"42\" >Death Cafe<\/a><\/li><\/ul><\/div><!-- DPDFG End Filters Container --><div class=\"dp-dfg-items\"><article id=\"post-1296\" class=\"dp-dfg-item post-1296 post type-post status-publish format-standard has-post-thumbnail hentry category-ceremonias-funebres dp-dfg-term-id-41\"     data-position=\"0\"   data-new-tab=\"off\"   data-action-priority=\"item\"><figure class=\"dp-dfg-image entry-thumb\"><a href=\"https:\/\/glynisgermanfunerals.com\/es\/una-ceremonia-personalizada-para-celebrar-la-vida\/\" class=\"dp-dfg-image-link\" ><img loading=\"lazy\" decoding=\"async\" class=\"dp-dfg-featured-image\" src=\"https:\/\/glynisgermanfunerals.com\/wp-content\/uploads\/2025\/09\/Celebration-of-Life-400x284.webp\" alt=\"Una ceremonia personalizada para celebrar la vida\" width=\"400\" height=\"284\" data-ratio=\"0.71\"\/><\/a><\/figure><div class=\"dp-dfg-header entry-header\"><h2 class=\"entry-title\">Una ceremonia personalizada para celebrar la vida<\/h2><\/div><div class=\"dp-dfg-meta entry-meta\"><span class=\"terms\"><a href=\"https:\/\/glynisgermanfunerals.com\/es\/category\/ceremonias-funebres\/\" class=\"term-link ceremonias-funebres taxonomy-category\" data-term-id=\"41\">Ceremonias f\u00fanebres<\/a><\/span><\/div><div class=\"dp-dfg-content entry-summary\">&#13;\nTodo lo que necesitas saber, con el cuidado de tu celebrante&#13;\n&#13;\nComo celebrante, me siento ...<\/div><\/article><!-- DPDFG End Post Item Container --><article id=\"post-1292\" class=\"dp-dfg-item post-1292 post type-post status-publish format-standard has-post-thumbnail hentry category-ceremonias-funebres dp-dfg-term-id-41\"     data-position=\"1\"   data-new-tab=\"off\"   data-action-priority=\"item\"><figure class=\"dp-dfg-image entry-thumb\"><a href=\"https:\/\/glynisgermanfunerals.com\/es\/10-cosas-que-hay-que-saber-sobre-los-funerales-en-mallorca\/\" class=\"dp-dfg-image-link\" ><img loading=\"lazy\" decoding=\"async\" class=\"dp-dfg-featured-image\" src=\"https:\/\/glynisgermanfunerals.com\/wp-content\/uploads\/2025\/09\/funeral-celebrant-mallorca-spain3-400x284.webp\" alt=\"10 cosas que hay que saber sobre los funerales en Mallorca\" width=\"400\" height=\"284\" data-ratio=\"0.71\"\/><\/a><\/figure><div class=\"dp-dfg-header entry-header\"><h2 class=\"entry-title\">10 cosas que hay que saber sobre los funerales en Mallorca<\/h2><\/div><div class=\"dp-dfg-meta entry-meta\"><span class=\"terms\"><a href=\"https:\/\/glynisgermanfunerals.com\/es\/category\/ceremonias-funebres\/\" class=\"term-link ceremonias-funebres taxonomy-category\" data-term-id=\"41\">Ceremonias f\u00fanebres<\/a><\/span><\/div><div class=\"dp-dfg-content entry-summary\">Planificar o asistir a un funeral en Mallorca puede resultar abrumador, especialmente si no se est\u00e1s familiarizado ...<\/div><\/article><!-- DPDFG End Post Item Container --><article id=\"post-1221\" class=\"dp-dfg-item post-1221 post type-post status-publish format-standard has-post-thumbnail hentry category-ceremonias-funebres category-funeral-planning dp-dfg-term-id-41 dp-dfg-term-id-43\"     data-position=\"2\"   data-new-tab=\"off\"   data-action-priority=\"item\"><figure class=\"dp-dfg-image entry-thumb\"><a href=\"https:\/\/glynisgermanfunerals.com\/es\/preguntas-para-planificar-un-funeral-guia-para-capacitar-a-las-familias\/\" class=\"dp-dfg-image-link\" ><img loading=\"lazy\" decoding=\"async\" class=\"dp-dfg-featured-image\" src=\"https:\/\/glynisgermanfunerals.com\/wp-content\/uploads\/2025\/09\/funeral-celebrant-mallorca-spain3-400x284.webp\" alt=\"Preguntas para planificar un funeral: Gu\u00eda para capacitar a las familias\" width=\"400\" height=\"284\" data-ratio=\"0.71\"\/><\/a><\/figure><div class=\"dp-dfg-header entry-header\"><h2 class=\"entry-title\">Preguntas para planificar un funeral: Gu\u00eda para capacitar a las familias<\/h2><\/div><div class=\"dp-dfg-meta entry-meta\"><span class=\"terms\"><a href=\"https:\/\/glynisgermanfunerals.com\/es\/category\/ceremonias-funebres\/\" class=\"term-link ceremonias-funebres taxonomy-category\" data-term-id=\"41\">Ceremonias f\u00fanebres<\/a><span class=\"term-separator\">,<\/span> <a href=\"https:\/\/glynisgermanfunerals.com\/es\/category\/funeral-planning\/\" class=\"term-link funeral-planning taxonomy-category\" data-term-id=\"43\">Funeral planning<\/a><\/span><\/div><div class=\"dp-dfg-content entry-summary\">Descubre las preguntas clave a la hora de planificar un funeral. Inf\u00f3rmate sobre opciones de servicios, costes, ...<\/div><\/article><!-- DPDFG End Post Item Container --><article id=\"post-1200\" class=\"dp-dfg-item post-1200 post type-post status-publish format-standard has-post-thumbnail hentry category-ceremonias-funebres dp-dfg-term-id-41\"     data-position=\"3\"   data-new-tab=\"off\"   data-action-priority=\"item\"><figure class=\"dp-dfg-image entry-thumb\"><a href=\"https:\/\/glynisgermanfunerals.com\/es\/funeral-memorial-vigilia-velatorio-o-celebracion-de-la-vida-comprender-las-diferencias\/\" class=\"dp-dfg-image-link\" ><img loading=\"lazy\" decoding=\"async\" class=\"dp-dfg-featured-image\" src=\"https:\/\/glynisgermanfunerals.com\/wp-content\/uploads\/2025\/07\/mallorca-funerals-10-400x284.jpg\" alt=\"Funeral, memorial, vigilia, velatorio o celebraci\u00f3n de la vida: Comprender las diferencias\" width=\"400\" height=\"284\" data-ratio=\"0.71\"\/><\/a><\/figure><div class=\"dp-dfg-header entry-header\"><h2 class=\"entry-title\">Funeral, memorial, vigilia, velatorio o celebraci\u00f3n de la vida: Comprender las diferencias<\/h2><\/div><div class=\"dp-dfg-meta entry-meta\"><span class=\"terms\"><a href=\"https:\/\/glynisgermanfunerals.com\/es\/category\/ceremonias-funebres\/\" class=\"term-link ceremonias-funebres taxonomy-category\" data-term-id=\"41\">Ceremonias f\u00fanebres<\/a><\/span><\/div><div class=\"dp-dfg-content entry-summary\">Explicaciones compasivas para facilitar las decisiones dif\u00edciles..\n\nCuando fallece un ser querido, las familias ...<\/div><\/article><!-- DPDFG End Post Item Container --><article id=\"post-1195\" class=\"dp-dfg-item post-1195 post type-post status-publish format-standard has-post-thumbnail hentry category-duelo dp-dfg-term-id-40\"     data-position=\"4\"   data-new-tab=\"off\"   data-action-priority=\"item\"><figure class=\"dp-dfg-image entry-thumb\"><a href=\"https:\/\/glynisgermanfunerals.com\/es\/crear-rituales-significativos-en-torno-a-la-muerte-y-el-duelo\/\" class=\"dp-dfg-image-link\" ><img loading=\"lazy\" decoding=\"async\" class=\"dp-dfg-featured-image\" src=\"https:\/\/glynisgermanfunerals.com\/wp-content\/uploads\/2025\/07\/mallorca-grief-retreat1-400x284.jpg\" alt=\"Crear rituales significativos en torno a la muerte y el duelo\" width=\"400\" height=\"284\" data-ratio=\"0.71\"\/><\/a><\/figure><div class=\"dp-dfg-header entry-header\"><h2 class=\"entry-title\">Crear rituales significativos en torno a la muerte y el duelo<\/h2><\/div><div class=\"dp-dfg-meta entry-meta\"><span class=\"terms\"><a href=\"https:\/\/glynisgermanfunerals.com\/es\/category\/duelo\/\" class=\"term-link duelo taxonomy-category\" data-term-id=\"40\">Duelo<\/a><\/span><\/div><div class=\"dp-dfg-content entry-summary\">Ideas sencillas para transformar el duelo.\n\nCuando muere un ser querido, las palabras suelen quedarse cortas. El ...<\/div><\/article><!-- DPDFG End Post Item Container --><article id=\"post-1212\" class=\"dp-dfg-item post-1212 post type-post status-publish format-standard has-post-thumbnail hentry category-duelo dp-dfg-term-id-40\"     data-position=\"5\"   data-new-tab=\"off\"   data-action-priority=\"item\"><figure class=\"dp-dfg-image entry-thumb\"><a href=\"https:\/\/glynisgermanfunerals.com\/es\/como-ayudar-a-un-amigo-en-duelo-maneras-compasivas-de-ayudar\/\" class=\"dp-dfg-image-link\" ><img loading=\"lazy\" decoding=\"async\" class=\"dp-dfg-featured-image\" src=\"https:\/\/glynisgermanfunerals.com\/wp-content\/uploads\/2025\/07\/glynis-german-funerals-mallorca-34-400x284.jpg\" alt=\"C\u00f3mo ayudar a un amigo en duelo: Maneras compasivas de ayudar\" width=\"400\" height=\"284\" data-ratio=\"0.71\"\/><\/a><\/figure><div class=\"dp-dfg-header entry-header\"><h2 class=\"entry-title\">C\u00f3mo ayudar a un amigo en duelo: Maneras compasivas de ayudar<\/h2><\/div><div class=\"dp-dfg-meta entry-meta\"><span class=\"terms\"><a href=\"https:\/\/glynisgermanfunerals.com\/es\/category\/duelo\/\" class=\"term-link duelo taxonomy-category\" data-term-id=\"40\">Duelo<\/a><\/span><\/div><div class=\"dp-dfg-content entry-summary\">&#13;\nEl duelo es uno de los viajes m\u00e1s dif\u00edciles de la vida. Cuando un ser querido se enfrenta a un duelo, puede ...<\/div><\/article><!-- DPDFG End Post Item Container --><article id=\"post-1219\" class=\"dp-dfg-item post-1219 post type-post status-publish format-standard has-post-thumbnail hentry category-ceremonias-funebres dp-dfg-term-id-41\"     data-position=\"6\"   data-new-tab=\"off\"   data-action-priority=\"item\"><figure class=\"dp-dfg-image entry-thumb\"><a href=\"https:\/\/glynisgermanfunerals.com\/es\/que-hace-un-celebrante-funerario\/\" class=\"dp-dfg-image-link\" ><img loading=\"lazy\" decoding=\"async\" class=\"dp-dfg-featured-image\" src=\"https:\/\/glynisgermanfunerals.com\/wp-content\/uploads\/2025\/07\/glynis-german-funerals-mallorca-5-400x284.jpg\" alt=\"\u00bfQu\u00e9 hace un celebrante funerario?\" width=\"400\" height=\"284\" data-ratio=\"0.71\"\/><\/a><\/figure><div class=\"dp-dfg-header entry-header\"><h2 class=\"entry-title\">\u00bfQu\u00e9 hace un celebrante funerario?<\/h2><\/div><div class=\"dp-dfg-meta entry-meta\"><span class=\"terms\"><a href=\"https:\/\/glynisgermanfunerals.com\/es\/category\/ceremonias-funebres\/\" class=\"term-link ceremonias-funebres taxonomy-category\" data-term-id=\"41\">Ceremonias f\u00fanebres<\/a><\/span><\/div><div class=\"dp-dfg-content entry-summary\">Cuando alguien fallece, las familias suelen enfrentarse a muchas decisiones que tienen que tomar inmediatamente ...<\/div><\/article><!-- DPDFG End Post Item Container --><article id=\"post-1209\" class=\"dp-dfg-item post-1209 post type-post status-publish format-standard has-post-thumbnail hentry category-death-cafe dp-dfg-term-id-42\"     data-position=\"7\"   data-new-tab=\"off\"   data-action-priority=\"item\"><figure class=\"dp-dfg-image entry-thumb\"><a href=\"https:\/\/glynisgermanfunerals.com\/es\/como-empece-mi-andadura-en-el-movimiento-mundial-death-cafe\/\" class=\"dp-dfg-image-link\" ><img loading=\"lazy\" decoding=\"async\" class=\"dp-dfg-featured-image\" src=\"https:\/\/glynisgermanfunerals.com\/wp-content\/uploads\/2025\/07\/death-cafe-3-400x284.jpg\" alt=\"C\u00f3mo empec\u00e9 mi andadura en el movimiento mundial Death Cafe\" width=\"400\" height=\"284\" data-ratio=\"0.71\"\/><\/a><\/figure><div class=\"dp-dfg-header entry-header\"><h2 class=\"entry-title\">C\u00f3mo empec\u00e9 mi andadura en el movimiento mundial Death Cafe<\/h2><\/div><div class=\"dp-dfg-meta entry-meta\"><span class=\"terms\"><a href=\"https:\/\/glynisgermanfunerals.com\/es\/category\/death-cafe\/\" class=\"term-link death-cafe taxonomy-category\" data-term-id=\"42\">Death Cafe<\/a><\/span><\/div><div class=\"dp-dfg-content entry-summary\">Si algo nos ha dado Internet es la cercan\u00eda a movimientos que suceden en otros lugares y as\u00ed fue como conoc\u00ed el ...<\/div><\/article><!-- DPDFG End Post Item Container --><\/div><!-- DPDFG End Posts Items Container --><\/div><!-- DPDFG End Main Container -->\n\t\t\t\t<\/div>\n\t\t\t<\/div>Recursos sobre la muerte, el morir y el duelo<div class=\"et_pb_with_border et_pb_module dpdfg_filtergrid dpdfg_filtergrid_1\">\n\t\t\t\t\n\t\t\t\t\n\t\t\t\t\n\t\t\t\t\n\t\t\t\t\n\t\t\t\t\n\t\t\t\t<div class=\"et_pb_module_inner\">\n\t\t\t\t\t<!-- DPDFG Start Main Container --><div class=\"dp-dfg-container dp-dfg-layout-grid dp-dfg-layout-masonry dp-dfg-skin-default dp-dfg-skin-top-filters\" data-active-filter=\"all\" data-page=\"1\" data-found-posts=\"11\" data-post-number=\"12\" data-default-filter=\"All\" data-link-filter=\"\" data-cache=\"off\" data-ratio=\"0\" data-show-thumb=\"on\" data-action=\"link\" data-new-window=\"off\" data-filters=\"on\" data-date-filters=\"off\" data-multifilter=\"off|OR\" data-multilevel=\"off|AND|off\" data-sorting=\"off\" data-order=\"DESC\" data-orderby=\"date\" data-initorderby=\"date\" data-url-navigation=\"off\" data-url-history=\"on|reload\" data-ajax-filters=\"off\" data-doing-ajax=\"off\" data-module=\"dpdfg_filtergrid_1\" data-search=\"off\" data-search-position=\"above\" data-terms-tags=\"on\" data-pagination=\"on\" data-filter-method=\"default\" data-third-party=\"\" data-lightbox=\"on|||\" data-video-preview=\"off\" data-no-init=\"off\" data-st=\"on\" data-no-results=\"off\"><div class=\"dp-dfg-filters dp-dfg-filters-buttons-layout\" data-layout=\"button\" data-orderby=\"id\" data-hierarchy-levels=\"off\"><ul class=\"dp-dfg-level dp-dfg-taxonomy-level-0 dp-dfg-taxonomy-all\" data-parent=\"0\" data-tax=\"all\" data-order=\"0\"><li class=\"dp-dfg-filter\" data-level=\"0\" data-parent=\"0\"><a class=\"dp-dfg-filter-link active all\" href=\"#\" data-term-id=\"all\" >All<\/a><\/li><li class=\"dp-dfg-filter\" data-level=\"0\" data-parent=\"0\"><a class=\"dp-dfg-filter-link duelo\" href=\"#\" data-term-id=\"40\" >Duelo<\/a><\/li><li class=\"dp-dfg-filter\" data-level=\"0\" data-parent=\"0\"><a class=\"dp-dfg-filter-link death-cafe\" href=\"#\" data-term-id=\"42\" >Death Cafe<\/a><\/li><li class=\"dp-dfg-filter\" data-level=\"0\" data-parent=\"0\"><a class=\"dp-dfg-filter-link cuidados-paliativos\" href=\"#\" data-term-id=\"46\" >Cuidados paliativos<\/a><\/li><li class=\"dp-dfg-filter\" data-level=\"0\" data-parent=\"0\"><a class=\"dp-dfg-filter-link cancer\" href=\"#\" data-term-id=\"48\" >C\u00e1ncer<\/a><\/li><\/ul><\/div><!-- DPDFG End Filters Container --><div class=\"dp-dfg-items\"><article id=\"post-1931\" class=\"dp-dfg-item post-1931 post type-post status-publish format-standard has-post-thumbnail hentry category-entrevistas tag-recurso dp-dfg-term-id-80\"     data-position=\"0\"   data-new-tab=\"off\"   data-action-priority=\"item\"><figure class=\"dp-dfg-image entry-thumb\"><a href=\"https:\/\/glynisgermanfunerals.com\/es\/una-conversacion-sobre-la-vida-el-significado-y-mucho-mas\/\" class=\"dp-dfg-image-link\" ><img loading=\"lazy\" decoding=\"async\" class=\"dp-dfg-featured-image\" src=\"https:\/\/glynisgermanfunerals.com\/wp-content\/uploads\/2026\/04\/Aimee-K-Samantha-Griffin-Elopement-349-768x1152.webp\" alt=\"Una conversaci\u00f3n sobre la vida, el significado y mucho m\u00e1s\" width=\"768\" height=\"1152\" data-ratio=\"1.5\"\/><\/a><\/figure><div class=\"dp-dfg-header entry-header\"><h2 class=\"entry-title\">Una conversaci\u00f3n sobre la vida, el significado y mucho m\u00e1s<\/h2><\/div><div class=\"dp-dfg-meta entry-meta\"><span class=\"terms\"><a href=\"https:\/\/glynisgermanfunerals.com\/es\/category\/entrevistas\/\" class=\"term-link entrevistas taxonomy-category\" data-term-id=\"80\">Entrevistas<\/a><\/span><\/div><div class=\"dp-dfg-content entry-summary\">Recientemente tuve el placer de ser entrevistado por Anastasia &amp; Humans, cuyo trabajo se centra en ...<\/div><\/article><!-- DPDFG End Post Item Container --><article id=\"post-1876\" class=\"dp-dfg-item post-1876 post type-post status-publish format-standard hentry category-ceremonias-funebres category-cuidados-paliativos category-death-cafe category-duelo tag-recurso dp-dfg-term-id-41 dp-dfg-term-id-46 dp-dfg-term-id-42 dp-dfg-term-id-40\"  data-link=\"https:\/\/open.spotify.com\/episode\/3NF9Ox9Lkfa2wp6gRDFa0K\"    data-position=\"1\"   data-new-tab=\"on\"   data-action-priority=\"item\"><figure class=\"dp-dfg-image entry-thumb\"><\/figure><div class=\"dp-dfg-header entry-header\"><h2 class=\"entry-title\">Podcast: Despertar de la Consciencia<\/h2><\/div><div class=\"dp-dfg-meta entry-meta\"><span class=\"terms\"><a href=\"https:\/\/glynisgermanfunerals.com\/es\/category\/ceremonias-funebres\/\" class=\"term-link ceremonias-funebres taxonomy-category\" data-term-id=\"41\">Ceremonias f\u00fanebres<\/a><span class=\"term-separator\">,<\/span> <a href=\"https:\/\/glynisgermanfunerals.com\/es\/category\/cuidados-paliativos\/\" class=\"term-link cuidados-paliativos taxonomy-category\" data-term-id=\"46\">Cuidados paliativos<\/a><span class=\"term-separator\">,<\/span> <a href=\"https:\/\/glynisgermanfunerals.com\/es\/category\/death-cafe\/\" class=\"term-link death-cafe taxonomy-category\" data-term-id=\"42\">Death Cafe<\/a><span class=\"term-separator\">,<\/span> <a href=\"https:\/\/glynisgermanfunerals.com\/es\/category\/duelo\/\" class=\"term-link duelo taxonomy-category\" data-term-id=\"40\">Duelo<\/a><\/span><\/div><div class=\"dp-dfg-content entry-summary\">Entrevista\nGrabada en Palma el 31 de octubre de 2025\n\n\n\n\n\n\n\n\n\nEn esta nueva entrega de Despertar de la ...<\/div><\/article><!-- DPDFG End Post Item Container --><article id=\"post-1870\" class=\"dp-dfg-item post-1870 post type-post status-publish format-standard hentry category-death-cafe tag-recurso tag-recurso-2 dp-dfg-term-id-42\"  data-link=\"https:\/\/glynisgermanfunerals.com\/es\/video-informatiu\u2026alear-enero-2026\/%20\u200eE\"    data-position=\"2\"   data-new-tab=\"on\"   data-action-priority=\"item\"><figure class=\"dp-dfg-image entry-thumb\"><\/figure><div class=\"dp-dfg-header entry-header\"><h2 class=\"entry-title\">Video: \u00abInformatiu Balear\u00bb (TV Balear, enero 2026)<\/h2><\/div><div class=\"dp-dfg-meta entry-meta\"><span class=\"terms\"><a href=\"https:\/\/glynisgermanfunerals.com\/es\/category\/death-cafe\/\" class=\"term-link death-cafe taxonomy-category\" data-term-id=\"42\">Death Cafe<\/a><\/span><\/div><div class=\"dp-dfg-content entry-summary\"><\/div><\/article><!-- DPDFG End Post Item Container --><article id=\"post-1664\" class=\"dp-dfg-item post-1664 post type-post status-publish format-standard has-post-thumbnail hentry category-cancer tag-recurso dp-dfg-term-id-48\"     data-position=\"3\"   data-new-tab=\"on\"   data-action-priority=\"item\"><figure class=\"dp-dfg-image entry-thumb\"><a href=\"https:\/\/www.contraelcancer.es\/es\/sobre-nosotros\/donde-estamos\/sede-baleares\" class=\"dp-dfg-image-link\" target=\"_blank\"><img loading=\"lazy\" decoding=\"async\" class=\"dp-dfg-featured-image\" src=\"https:\/\/glynisgermanfunerals.com\/wp-content\/uploads\/2025\/12\/logo-aecc.webp\" alt=\"AECC\" width=\"646\" height=\"203\" data-ratio=\"0.31424148606811\"\/><\/a><\/figure><div class=\"dp-dfg-header entry-header\"><h2 class=\"entry-title\">AECC<\/h2><\/div><div class=\"dp-dfg-meta entry-meta\"><span class=\"terms\"><a href=\"https:\/\/glynisgermanfunerals.com\/es\/category\/cancer\/\" class=\"term-link cancer taxonomy-category\" data-term-id=\"48\">C\u00e1ncer<\/a><\/span><\/div><div class=\"dp-dfg-content entry-summary\"><\/div><\/article><!-- DPDFG End Post Item Container --><article id=\"post-1663\" class=\"dp-dfg-item post-1663 post type-post status-publish format-standard has-post-thumbnail hentry category-cancer tag-recurso dp-dfg-term-id-48\"     data-position=\"4\"   data-new-tab=\"on\"   data-action-priority=\"item\"><figure class=\"dp-dfg-image entry-thumb\"><a href=\"https:\/\/www.unlazoenmovimiento.org\/\" class=\"dp-dfg-image-link\" target=\"_blank\"><img loading=\"lazy\" decoding=\"async\" class=\"dp-dfg-featured-image\" src=\"https:\/\/glynisgermanfunerals.com\/wp-content\/uploads\/2025\/12\/logo-ulem-1-768x362.webp\" alt=\"ULEM Un Lazo en Movimiento\" width=\"768\" height=\"362\" data-ratio=\"0.47135416666667\"\/><\/a><\/figure><div class=\"dp-dfg-header entry-header\"><h2 class=\"entry-title\">ULEM Un Lazo en Movimiento<\/h2><\/div><div class=\"dp-dfg-meta entry-meta\"><span class=\"terms\"><a href=\"https:\/\/glynisgermanfunerals.com\/es\/category\/cancer\/\" class=\"term-link cancer taxonomy-category\" data-term-id=\"48\">C\u00e1ncer<\/a><\/span><\/div><div class=\"dp-dfg-content entry-summary\"><\/div><\/article><!-- DPDFG End Post Item Container --><article id=\"post-1662\" class=\"dp-dfg-item post-1662 post type-post status-publish format-standard has-post-thumbnail hentry category-support tag-recurso dp-dfg-term-id-66\"     data-position=\"5\"   data-new-tab=\"on\"   data-action-priority=\"item\"><figure class=\"dp-dfg-image entry-thumb\"><a href=\"https:\/\/palmacompasiva.org\/\" class=\"dp-dfg-image-link\" target=\"_blank\"><img loading=\"lazy\" decoding=\"async\" class=\"dp-dfg-featured-image\" src=\"https:\/\/glynisgermanfunerals.com\/wp-content\/uploads\/2025\/12\/LOGO-PALMA-COMPASIVA-color.webp\" alt=\"Palma Compasiva\" width=\"539\" height=\"161\" data-ratio=\"0.2987012987013\"\/><\/a><\/figure><div class=\"dp-dfg-header entry-header\"><h2 class=\"entry-title\">Palma Compasiva<\/h2><\/div><div class=\"dp-dfg-meta entry-meta\"><span class=\"terms\"><a href=\"https:\/\/glynisgermanfunerals.com\/es\/category\/support\/\" class=\"term-link support taxonomy-category\" data-term-id=\"66\">Support<\/a><\/span><\/div><div class=\"dp-dfg-content entry-summary\"><\/div><\/article><!-- DPDFG End Post Item Container --><article id=\"post-1282\" class=\"dp-dfg-item post-1282 post type-post status-publish format-standard has-post-thumbnail hentry category-duelo category-death-cafe tag-recurso dp-dfg-term-id-40 dp-dfg-term-id-42\"     data-position=\"6\"   data-new-tab=\"on\"   data-action-priority=\"item\"><figure class=\"dp-dfg-image entry-thumb\"><a href=\"https:\/\/dandovidaalamuerte.org\/\" class=\"dp-dfg-image-link\" target=\"_blank\"><img loading=\"lazy\" decoding=\"async\" class=\"dp-dfg-featured-image\" src=\"https:\/\/glynisgermanfunerals.com\/wp-content\/uploads\/2025\/09\/DVALM-23-2.webp\" alt=\"Dando Vida a la Muerte festival\" width=\"500\" height=\"500\" data-ratio=\"1\"\/><\/a><\/figure><div class=\"dp-dfg-header entry-header\"><h2 class=\"entry-title\">Dando Vida a la Muerte festival<\/h2><\/div><div class=\"dp-dfg-meta entry-meta\"><span class=\"terms\"><a href=\"https:\/\/glynisgermanfunerals.com\/es\/category\/duelo\/\" class=\"term-link duelo taxonomy-category\" data-term-id=\"40\">Duelo<\/a><span class=\"term-separator\">,<\/span> <a href=\"https:\/\/glynisgermanfunerals.com\/es\/category\/death-cafe\/\" class=\"term-link death-cafe taxonomy-category\" data-term-id=\"42\">Death Cafe<\/a><\/span><\/div><div class=\"dp-dfg-content entry-summary\"><\/div><\/article><!-- DPDFG End Post Item Container --><article id=\"post-1284\" class=\"dp-dfg-item post-1284 post type-post status-publish format-standard has-post-thumbnail hentry category-cuidados-paliativos tag-recurso dp-dfg-term-id-46\"     data-position=\"7\"   data-new-tab=\"on\"   data-action-priority=\"item\"><figure class=\"dp-dfg-image entry-thumb\"><a href=\"https:\/\/illespal.org\/\" class=\"dp-dfg-image-link\" target=\"_blank\"><img loading=\"lazy\" decoding=\"async\" class=\"dp-dfg-featured-image\" src=\"https:\/\/glynisgermanfunerals.com\/wp-content\/uploads\/2025\/09\/illespal.webp\" alt=\"IllesPal\" width=\"225\" height=\"225\" data-ratio=\"1\"\/><\/a><\/figure><div class=\"dp-dfg-header entry-header\"><h2 class=\"entry-title\">IllesPal<\/h2><\/div><div class=\"dp-dfg-meta entry-meta\"><span class=\"terms\"><a href=\"https:\/\/glynisgermanfunerals.com\/es\/category\/cuidados-paliativos\/\" class=\"term-link cuidados-paliativos taxonomy-category\" data-term-id=\"46\">Cuidados paliativos<\/a><\/span><\/div><div class=\"dp-dfg-content entry-summary\"><\/div><\/article><!-- DPDFG End Post Item Container --><article id=\"post-1286\" class=\"dp-dfg-item post-1286 post type-post status-publish format-standard has-post-thumbnail hentry category-cuidados-paliativos tag-recurso dp-dfg-term-id-46\"     data-position=\"8\"   data-new-tab=\"on\"   data-action-priority=\"item\"><figure class=\"dp-dfg-image entry-thumb\"><a href=\"https:\/\/www.paliativosdime.org\/%20\" class=\"dp-dfg-image-link\" target=\"_blank\"><img loading=\"lazy\" decoding=\"async\" class=\"dp-dfg-featured-image\" src=\"https:\/\/glynisgermanfunerals.com\/wp-content\/uploads\/2025\/09\/dime-copy-2.webp\" alt=\"Dime\" width=\"200\" height=\"200\" data-ratio=\"1\"\/><\/a><\/figure><div class=\"dp-dfg-header entry-header\"><h2 class=\"entry-title\">Dime<\/h2><\/div><div class=\"dp-dfg-meta entry-meta\"><span class=\"terms\"><a href=\"https:\/\/glynisgermanfunerals.com\/es\/category\/cuidados-paliativos\/\" class=\"term-link cuidados-paliativos taxonomy-category\" data-term-id=\"46\">Cuidados paliativos<\/a><\/span><\/div><div class=\"dp-dfg-content entry-summary\"><\/div><\/article><!-- DPDFG End Post Item Container --><article id=\"post-1288\" class=\"dp-dfg-item post-1288 post type-post status-publish format-standard has-post-thumbnail hentry category-cancer tag-recurso dp-dfg-term-id-48\"     data-position=\"9\"   data-new-tab=\"on\"   data-action-priority=\"item\"><figure class=\"dp-dfg-image entry-thumb\"><a href=\"https:\/\/www.cancersupportmallorca.com\/\" class=\"dp-dfg-image-link\" target=\"_blank\"><img loading=\"lazy\" decoding=\"async\" class=\"dp-dfg-featured-image\" src=\"https:\/\/glynisgermanfunerals.com\/wp-content\/uploads\/2025\/09\/cancer-support-group-mallorca-768x277.webp\" alt=\"Apoyo contra el C\u00e1ncer de Mallorca\" width=\"768\" height=\"277\" data-ratio=\"0.36067708333333\"\/><\/a><\/figure><div class=\"dp-dfg-header entry-header\"><h2 class=\"entry-title\">Apoyo contra el C\u00e1ncer de Mallorca<\/h2><\/div><div class=\"dp-dfg-meta entry-meta\"><span class=\"terms\"><a href=\"https:\/\/glynisgermanfunerals.com\/es\/category\/cancer\/\" class=\"term-link cancer taxonomy-category\" data-term-id=\"48\">C\u00e1ncer<\/a><\/span><\/div><div class=\"dp-dfg-content entry-summary\"><\/div><\/article><!-- DPDFG End Post Item Container --><article id=\"post-1290\" class=\"dp-dfg-item post-1290 post type-post status-publish format-standard has-post-thumbnail hentry category-duelo tag-recurso dp-dfg-term-id-40\"     data-position=\"10\"   data-new-tab=\"on\"   data-action-priority=\"item\"><figure class=\"dp-dfg-image entry-thumb\"><a href=\"https:\/\/winstonswish.org\/\" class=\"dp-dfg-image-link\" target=\"_blank\"><img loading=\"lazy\" decoding=\"async\" class=\"dp-dfg-featured-image\" src=\"https:\/\/glynisgermanfunerals.com\/wp-content\/uploads\/2025\/09\/Winstons-Wish-Logo-min.webp\" alt=\"Winston\u2019s Wish\" width=\"750\" height=\"422\" data-ratio=\"0.56266666666667\"\/><\/a><\/figure><div class=\"dp-dfg-header entry-header\"><h2 class=\"entry-title\">Winston\u2019s Wish<\/h2><\/div><div class=\"dp-dfg-meta entry-meta\"><span class=\"terms\"><a href=\"https:\/\/glynisgermanfunerals.com\/es\/category\/duelo\/\" class=\"term-link duelo taxonomy-category\" data-term-id=\"40\">Duelo<\/a><\/span><\/div><div class=\"dp-dfg-content entry-summary\"><\/div><\/article><!-- DPDFG End Post Item Container --><\/div><!-- DPDFG End Posts Items Container --><\/div><!-- DPDFG End Main Container -->\n\t\t\t\t<\/div>\n\t\t\t<\/div>Servicios funerarios, de atenci\u00f3n al final de la vida y de duelo en MallorcaCeremonias f\u00fanebresDoula al final de la vidaOrganizadora de funeralesRetiros de dueloDeath cafeA tu lado en todo momento Ya sea que se est\u00e9 preparando para el final de su vida, organizando un funeral o atravesando el duelo, puede ser dif\u00edcil saber por d\u00f3nde empezar. Mi funci\u00f3n es guiarle con delicadeza en todo el proceso, con compasi\u00f3n, claridad y cari\u00f1o. As\u00ed es como empezamos. P\u00f3nte en contacto Ya sea que est\u00e9 enfrentando el final de su vida, planeando un funeral o buscando apoyo para el duelo, comun\u00edquese para tener una charla inicial, sin presi\u00f3n, solo espacio para hablar.Hacemos un plan Juntos, creamos un plan tranquilo y meditado que satisfaga sus necesidades, desde una orientaci\u00f3n amable al final de la vida hasta [&hellip;]<\/p>\n","protected":false},"author":1,"featured_media":0,"parent":0,"menu_order":0,"comment_status":"closed","ping_status":"closed","template":"","meta":{"_acf_changed":false,"_et_pb_use_builder":"on","_et_pb_old_content":"","_et_gb_content_width":"","footnotes":""},"class_list":["post-944","page","type-page","status-publish","hentry"],"acf":[],"_links":{"self":[{"href":"https:\/\/glynisgermanfunerals.com\/es\/wp-json\/wp\/v2\/pages\/944","targetHints":{"allow":["GET"]}}],"collection":[{"href":"https:\/\/glynisgermanfunerals.com\/es\/wp-json\/wp\/v2\/pages"}],"about":[{"href":"https:\/\/glynisgermanfunerals.com\/es\/wp-json\/wp\/v2\/types\/page"}],"author":[{"embeddable":true,"href":"https:\/\/glynisgermanfunerals.com\/es\/wp-json\/wp\/v2\/users\/1"}],"replies":[{"embeddable":true,"href":"https:\/\/glynisgermanfunerals.com\/es\/wp-json\/wp\/v2\/comments?post=944"}],"version-history":[{"count":7,"href":"https:\/\/glynisgermanfunerals.com\/es\/wp-json\/wp\/v2\/pages\/944\/revisions"}],"predecessor-version":[{"id":1237,"href":"https:\/\/glynisgermanfunerals.com\/es\/wp-json\/wp\/v2\/pages\/944\/revisions\/1237"}],"wp:attachment":[{"href":"https:\/\/glynisgermanfunerals.com\/es\/wp-json\/wp\/v2\/media?parent=944"}],"curies":[{"name":"wp","href":"https:\/\/api.w.org\/{rel}","templated":true}]}}